{"id":150,"date":"2016-09-28T12:14:25","date_gmt":"2016-09-28T10:14:25","guid":{"rendered":"http:\/\/sk-dokument.no\/budsjett-og-okonomiplan-2018-2021\/?page_id=150"},"modified":"2017-10-24T09:36:26","modified_gmt":"2017-10-24T07:36:26","slug":"komite-for-rehabilitering-helse-og-omsorg","status":"publish","type":"page","link":"https:\/\/sk-dokument.no\/budsjett-og-okonomiplan-2018-2021\/?page_id=150","title":{"rendered":"Komite for rehabilitering, helse og omsorg"},"content":{"rendered":"<table>\n<tbody>\n<tr>\n<td>M\u00c5LEKART Omsorgstenester<\/td>\n<td>M\u00e5l<\/td>\n<td><\/td>\n<td>Resultat<\/td>\n<td><\/td>\n<td><\/td>\n<\/tr>\n<tr>\n<td><\/td>\n<td>2018<\/td>\n<td>Stord 2016<\/td>\n<td>Stord 2015<\/td>\n<td>Grp. 8<\/td>\n<td>Landet 2016<\/td>\n<\/tr>\n<tr>\n<td><\/td>\n<td><\/td>\n<td><\/td>\n<td><\/td>\n<td>2016<\/td>\n<td><\/td>\n<\/tr>\n<tr>\n<td>Del \u00e5rsverk m fagutdanning<\/td>\n<td>\u226574<\/td>\n<td>74<\/td>\n<td>73<\/td>\n<td>75<\/td>\n<td>74<\/td>\n<\/tr>\n<tr>\n<td>Del \u00e5rsverk m fagutdanning fr\u00e5 h\u00f8gskule\/ universitet<\/td>\n<td>\u226540<\/td>\n<td>40<\/td>\n<td>39<\/td>\n<td>35<\/td>\n<td>34<\/td>\n<\/tr>\n<tr>\n<td>Snitt tildelte timar i heimen, heimesjukepleie<\/td>\n<td>10,6<\/td>\n<td>10,6<\/td>\n<td>10,3<\/td>\n<td>5,7<\/td>\n<td>4,8<\/td>\n<\/tr>\n<tr>\n<td>Snitt tildelte timar i heimen, praktisk bistand<\/td>\n<td>&lt;8,2<\/td>\n<td>8,2<\/td>\n<td>7,6<\/td>\n<td>9,1<\/td>\n<td>9,7<\/td>\n<\/tr>\n<tr>\n<td>Mottakarar av heimetenester med omfattande bistandsbehov, 80 \u00e5r og over i prosent<\/td>\n<td>30,5<\/td>\n<td>30,5<\/td>\n<td>27,8<\/td>\n<td>15,1<\/td>\n<td>13,1<\/td>\n<\/tr>\n<tr>\n<td>Brukarar i institusjon med omfattande bistandsbehov (langtidsopphald) i prosent<\/td>\n<td>93<\/td>\n<td>93<\/td>\n<td>90<\/td>\n<td>85,3<\/td>\n<td>83,7<\/td>\n<\/tr>\n<tr>\n<td>Tid med lege per veke per bebuar i sjukeheim (timar)<\/td>\n<td>0,43<\/td>\n<td>0,41<\/td>\n<td>0,43<\/td>\n<td>0,38<\/td>\n<td>0,55<\/td>\n<\/tr>\n<tr>\n<td>Tid med fysioterapi per veke per bebuar i sjukeheim (timar)<\/td>\n<td>0,17<\/td>\n<td>0,17<\/td>\n<td>0,18<\/td>\n<td>0,23<\/td>\n<td>0,43<\/td>\n<\/tr>\n<tr>\n<td>Mottakarar av heimetenester , pr 1000 innb, 80 \u00e5r +<\/td>\n<td>311<\/td>\n<td>311<\/td>\n<td>312<\/td>\n<td>417<\/td>\n<td>320<\/td>\n<\/tr>\n<tr>\n<td>Institusjonar \u2013 del av netto driftsutgifter til pleie og omsorg i %<\/td>\n<td>31,2<\/td>\n<td>31,2<\/td>\n<td>30,2<\/td>\n<td>39,4<\/td>\n<td>44,6<\/td>\n<\/tr>\n<tr>\n<td>Tenester til heimebuande \u2013del av netto driftsutgifter til pleie og omsorg i %<\/td>\n<td>62,2<\/td>\n<td>62,2<\/td>\n<td>63,3<\/td>\n<td>55,3<\/td>\n<td>49,9<\/td>\n<\/tr>\n<\/tbody>\n<\/table>\n<p dir=\"LTR\" align=\"LEFT\">Tenesteomr\u00e5det har tilsette med relativt h\u00f8gt utdanningsniv\u00e5. Nye oppg\u00e5ver til kommunane m.a. i samband med Samhandlingsreforma gjer det likevel naudsynt \u00e5 auka kompetansen ytterlegare. \u00c5rlege, \u00f8yremerka tilskot fr\u00e5 fylkesmannen og kommunale oppl\u00e6ringsmidlar gjer at tilsette kan ta ulike vidareutdanningar.<\/p>\n<p dir=\"LTR\" align=\"LEFT\">Terskelen for \u00e5 f\u00e5 helsefagleg hjelp er h\u00f8g, og personar med st\u00f8rst behov vert prioritert. For \u00e5 prioritera dei med omfattande behov pr\u00f8ver ein \u00e5 frigjera ressursar fr\u00e5 praktisk bistand. Sidan terskelen for \u00e5 f\u00e5 hjelp er h\u00f8g og kommunen har f\u00e5 institusjonsplassar, har kommunen prosentvis fleire brukarar med omfattande bistandsbehov enn samanlikningskommunane b\u00e5de p\u00e5 institusjonane og i heimetenesta.<\/p>\n<p>&nbsp;<\/p>\n<table>\n<tbody>\n<tr>\n<td>M\u00c5LEKART Helsetenester<\/td>\n<td>M\u00e5l<\/td>\n<td><\/td>\n<td><\/td>\n<td>Resultat<\/td>\n<td><\/td>\n<td><\/td>\n<td><\/td>\n<\/tr>\n<tr>\n<td><\/td>\n<td>2018<\/td>\n<td>Stord 2016<\/td>\n<td><\/td>\n<td>Stord 2015<\/td>\n<td><\/td>\n<td>Grp. 8 2016<\/td>\n<td>Landet 2016<\/td>\n<\/tr>\n<tr>\n<td>Lege\u00e5rsverk pr 10000 innb<\/td>\n<td>11,4<\/td>\n<td>10,9<\/td>\n<td>11,6<\/td>\n<td><\/td>\n<td>10,2<\/td>\n<td><\/td>\n<td>10,6<\/td>\n<\/tr>\n<tr>\n<td>Snitt listelengde fastlegar<\/td>\n<td>960<\/td>\n<td>1005<\/td>\n<td>990<\/td>\n<td><\/td>\n<td>1087<\/td>\n<td><\/td>\n<td>1180<\/td>\n<\/tr>\n<tr>\n<td>Reservekapasitet fastlege i prosent<\/td>\n<td>105<\/td>\n<td>100<\/td>\n<td>102<\/td>\n<td><\/td>\n<td>104<\/td>\n<td><\/td>\n<td>99<\/td>\n<\/tr>\n<tr>\n<td>\u00c5rsverk fysioterapeutar pr 10000 innb<\/td>\n<td>7,3<\/td>\n<td>7,3<\/td>\n<td>7<\/td>\n<td><\/td>\n<td>8,2<\/td>\n<td><\/td>\n<td>9,1<\/td>\n<\/tr>\n<tr>\n<td>\u00c5rsverk ergoterapeutar pr 10000 innb<\/td>\n<td>3,3<\/td>\n<td>3,3<\/td>\n<td>*<\/td>\n<td><\/td>\n<td>3<\/td>\n<td><\/td>\n<td>3,9<\/td>\n<\/tr>\n<tr>\n<td>\u00c5rsverk psyk sjukepl pr 10000 innb<\/td>\n<td>5,4<\/td>\n<td>5,4<\/td>\n<td>6,9<\/td>\n<td><\/td>\n<td>4<\/td>\n<td><\/td>\n<td>4,4<\/td>\n<\/tr>\n<tr>\n<td>\u00c5rsverk av helses\u00f8stre pr 10000 innb. 0-5 \u00e5r<\/td>\n<td>70<\/td>\n<td>70<\/td>\n<td>66,7<\/td>\n<td><\/td>\n<td>81,4<\/td>\n<td><\/td>\n<td>70,5<\/td>\n<\/tr>\n<tr>\n<td>\u00c5rsverk av jordm\u00f8dre pr 10000 f\u00f8dte<\/td>\n<td>58,8<\/td>\n<td>58,8<\/td>\n<td>59,6<\/td>\n<td><\/td>\n<td>73,9<\/td>\n<td><\/td>\n<td>61,4<\/td>\n<\/tr>\n<\/tbody>\n<\/table>\n<p dir=\"LTR\" align=\"LEFT\">Det er tilsett ein ny lege gjennom eit legerekrutteringsprosjekt, ALIS-Vest (allmennlege i spesialisering). I Stord har legane valt \u00e5 ha korte lister. Dette sikrar tilgjenge for folk og gjev h\u00f8ve til samhandling med fastlegane der det trengst. Reservekapasitet tilsvarande 5% av folketalet er \u00f8nskeleg med tanke p\u00e5 tilflytting, gjestearbeidarar og studentar. Stord har l\u00e5gt tal fysioterapeutar med avtale, men reint private verksemder er ikkje med i dette talet. Det er kjent at Stord har ein del slike.<\/p>\n<p>&nbsp;<\/p>\n<table>\n<tbody>\n<tr>\n<td>M\u00c5LEKART NAV kommune<\/td>\n<td>M\u00e5l<\/td>\n<td><\/td>\n<td><\/td>\n<td>Resultat<\/td>\n<td><\/td>\n<td><\/td>\n<td><\/td>\n<\/tr>\n<tr>\n<td><\/td>\n<td>2018<\/td>\n<td>Stord 2016<\/td>\n<td><\/td>\n<td>Stord 2015<\/td>\n<td><\/td>\n<td>Grp. 8 2016<\/td>\n<td>Landet 2016<\/td>\n<\/tr>\n<tr>\n<td>Snitt st\u00f8nadslengde 18-24 \u00e5r , mnd.<\/td>\n<td>&lt;4,1<\/td>\n<td>4,1<\/td>\n<td>3,9<\/td>\n<td><\/td>\n<td>*<\/td>\n<td><\/td>\n<td>*<\/td>\n<\/tr>\n<tr>\n<td>Snitt st\u00f8nadslengde 25-66 \u00e5r, mnd.<\/td>\n<td>&lt;3,9<\/td>\n<td>3,9<\/td>\n<td>3,8<\/td>\n<td><\/td>\n<td>*<\/td>\n<td><\/td>\n<td>*<\/td>\n<\/tr>\n<tr>\n<td>Del som g\u00e5r over 6 m\u00e5nader p\u00e5 st\u00f8nad i %<\/td>\n<td>&lt;20<\/td>\n<td>25<\/td>\n<td>26<\/td>\n<td><\/td>\n<td>*<\/td>\n<td><\/td>\n<td>36<\/td>\n<\/tr>\n<tr>\n<td>Deltakarar i Kvalifiseringsprogrammet 18-66 \u00e5r<\/td>\n<td><\/td>\n<td><\/td>\n<td><\/td>\n<td><\/td>\n<td><\/td>\n<td><\/td>\n<td><\/td>\n<\/tr>\n<tr>\n<td><\/td>\n<td>&gt;17<\/td>\n<td>17<\/td>\n<td>10<\/td>\n<td><\/td>\n<td>*<\/td>\n<td><\/td>\n<td>*<\/td>\n<\/tr>\n<\/tbody>\n<\/table>\n<p dir=\"LTR\" align=\"LEFT\">*Kostra viser ikkje m\u00e5letal for 2016<\/p>\n<p dir=\"LTR\" align=\"LEFT\">Alle som s\u00f8kte om Kvalifiseringsprogrammet i 2017 vart innvilga dette. Ut fr\u00e5 det ein kjenner til blir det auke i deltakarar i Kvalifiseringsprogrammet gjennom 2018. Det er framleis utfordringar i arbeidsmarknaden lokalt, og det er venta p\u00e5gang p\u00e5 NAV sine tenester, b\u00e5de statlege og kommunale, ogs\u00e5 gjennom 2018.<\/p>\n<p dir=\"LTR\" align=\"LEFT\">Kommunen har ei befolkning med relativt l\u00e5g snitt-alder. Dette endrar seg i \u00e5ra som kjem slik figuren under syner:<\/p>\n<p dir=\"LTR\" align=\"LEFT\">Forventa demografisk utvikling, auke i prosent (SSB)<\/p>\n<p dir=\"LTR\" align=\"LEFT\"><img loading=\"lazy\" decoding=\"async\" width=\"574\" height=\"368\" class=\"size-full wp-image-1386 aligncenter\" src=\"http:\/\/sk-dokument.no\/budsjett-og-okonomiplan-2018-2021\/wp-content\/uploads\/sites\/14\/2016\/09\/RHO-kap-10.jpg\" alt=\"\" srcset=\"https:\/\/sk-dokument.no\/budsjett-og-okonomiplan-2018-2021\/wp-content\/uploads\/sites\/14\/2016\/09\/RHO-kap-10.jpg 574w, https:\/\/sk-dokument.no\/budsjett-og-okonomiplan-2018-2021\/wp-content\/uploads\/sites\/14\/2016\/09\/RHO-kap-10-300x192.jpg 300w\" sizes=\"(max-width: 574px) 100vw, 574px\" \/><\/p>\n<p dir=\"LTR\" align=\"LEFT\">Eldre over 80 \u00e5r er friskare enn f\u00f8r, men statistisk treng fleire av desse helsehjelp og omsorgstiltak. Samstundes ser ein at kommunen f\u00e5r ansvar for fleire yngre innbyggjarar som og treng helse- og omsorgsbistand. Om lag 50% av dei som f\u00e5r heimetenester er under 67 \u00e5r. Mange av desse er sv\u00e6rt ressurskrevjande og dei under 67 \u00e5r f\u00e5r tildelt heile 67 % av alle vedtakstimane heimetenestene gir.<\/p>\n<p dir=\"LTR\" align=\"LEFT\">Medisinsk utvikling gjer at fleire barn med omfattande hjelpebehov veks opp, personar med alvorleg sjukdom eller skader overlever og kan trenge mykje bistand, personar med utviklingshemming vert eldre og utviklar alders-sjukdomar, og brukarar med psykiske vanskar og rusproblem utviklar behov for heild\u00f8gnsomsorg.<\/p>\n<p dir=\"LTR\" align=\"LEFT\">Fleire sm\u00e5 bufellesskap spreidd rundt i kommunen gjer det vanskeleg \u00e5 ta ut synergieffektar av drifta. S\u00e6rleg nattevakt vert det vanskeleg \u00e5 nytta mellom bufellesskapa og mellom tenesteomr\u00e5da, sidan mange treng snarleg tilgang til bistand. Sm\u00e5, oppdelte spesialavdelingar p\u00e5 sjukeheimen medf\u00f8rer og dyrare drift. Synergieffektar vert vektlagt ved bygging av nye institusjonar og bufellesskap.<\/p>\n<p dir=\"LTR\" align=\"LEFT\">Samhandlingsreforma vart innf\u00f8rt for seks \u00e5r sidan, og kommunen klarar i aukande grad \u00e5 ta imot utskrivingsklare pasientar og gje dei forsvarleg hjelp. Eit eige tverrfagleg innsatsteam jobbar med tilrettelegging i heimen og formidling av hjelpemiddel f\u00f8r utskriving. Kommunale akutt-d\u00f8gnplassar (KAD) har f\u00f8rt til at kommunen har tilgang p\u00e5 fleire plassar som kan nyttast fleksibelt mellom anna i h\u00f8ve ferdigbehandla pasientar som kommunen treng litt ekstra tid til tilrettelegging for \u00e5 kunne ta imot. Det er likevel fortsatt stort press p\u00e5 kommunen sine institusjonsplassar.<\/p>\n<p dir=\"LTR\" align=\"LEFT\">Omsorgstenestene i Stord kommune var tidleg ute med \u00e5 nytte digitale verkt\u00f8y for \u00e5 effektivisere tidsbruken og har vore med i landsdekkande utviklingsprosjekt for \u00e5 innf\u00f8re velferdsteknologiske l\u00f8ysingar. Digitale l\u00f8ysingar innan denne sektoren m\u00e5 ha s\u00e6rleg fokus fr\u00e5 kommunen si side d\u00e5 det er store og komplekse tenesteomr\u00e5de som krev omfattande investeringar, eit h\u00f8gt sikkerhetsniv\u00e5 og ikkje minst kompetanse. Kontinuerlig utvikling og oppl\u00e6ring av tilsette er heilt naudsynt skal ein f\u00e5 effekt av investeringane. Kommunen har fram til no hatt eit halvt \u00e5rsverk knytt til velferdsteknologi. R\u00e5dmannen f\u00f8resl\u00e5r at stillinga vert utvida til eit heilt \u00e5rsverk med ansvar for oppl\u00e6ring og systemutvkling. Den nye halve stillinga inng\u00e5r i eit utviklingsprosjekt finansiert over investeringsbudsjettet.<\/p>\n<p dir=\"LTR\" align=\"LEFT\">I budsjett for 2018 er det ikkje teke h\u00f8gde for nye brukarar eller auke i bistandsbehov for eksisterande brukarar. Dette gjer at RHO tenestene er s\u00e5rbare for avvik.<\/p>\n<p dir=\"LTR\" align=\"LEFT\">Ein vil i 2018 vurdere n\u00e6rare korleis ein skal greie \u00e5 finansiere innfasing av nye sjukeheimsplassar. I denne vurderinga m\u00e5 ein sj\u00e5 p\u00e5 leiarstruktur, opprusting av \u00abgamle\u00bb Stord sjukeheim og mogelege konsekvensar for heimebaserte tenester og sengeavdelinga p\u00e5 Rehabiliteringssenteret.<\/p>\n<p>&nbsp;<\/p>\n","protected":false},"excerpt":{"rendered":"<p>M\u00c5LEKART Omsorgstenester M\u00e5l Resultat 2018 Stord 2016 Stord 2015 Grp. 8 Landet 2016 2016 Del \u00e5rsverk m fagutdanning \u226574 74 73 75 74 Del \u00e5rsverk m fagutdanning fr\u00e5 h\u00f8gskule\/ universitet \u226540 40 39 35 34 Snitt tildelte timar i heimen, heimesjukepleie 10,6 10,6 10,3 5,7 4,8 Snitt tildelte timar i heimen, praktisk bistand &lt;8,2 8,2<\/p>\n","protected":false},"author":4,"featured_media":0,"parent":0,"menu_order":10,"comment_status":"closed","ping_status":"closed","template":"","meta":{"footnotes":""},"jetpack_sharing_enabled":true,"_links":{"self":[{"href":"https:\/\/sk-dokument.no\/budsjett-og-okonomiplan-2018-2021\/index.php?rest_route=\/wp\/v2\/pages\/150"}],"collection":[{"href":"https:\/\/sk-dokument.no\/budsjett-og-okonomiplan-2018-2021\/index.php?rest_route=\/wp\/v2\/pages"}],"about":[{"href":"https:\/\/sk-dokument.no\/budsjett-og-okonomiplan-2018-2021\/index.php?rest_route=\/wp\/v2\/types\/page"}],"author":[{"embeddable":true,"href":"https:\/\/sk-dokument.no\/budsjett-og-okonomiplan-2018-2021\/index.php?rest_route=\/wp\/v2\/users\/4"}],"replies":[{"embeddable":true,"href":"https:\/\/sk-dokument.no\/budsjett-og-okonomiplan-2018-2021\/index.php?rest_route=%2Fwp%2Fv2%2Fcomments&post=150"}],"version-history":[{"count":15,"href":"https:\/\/sk-dokument.no\/budsjett-og-okonomiplan-2018-2021\/index.php?rest_route=\/wp\/v2\/pages\/150\/revisions"}],"predecessor-version":[{"id":1468,"href":"https:\/\/sk-dokument.no\/budsjett-og-okonomiplan-2018-2021\/index.php?rest_route=\/wp\/v2\/pages\/150\/revisions\/1468"}],"wp:attachment":[{"href":"https:\/\/sk-dokument.no\/budsjett-og-okonomiplan-2018-2021\/index.php?rest_route=%2Fwp%2Fv2%2Fmedia&parent=150"}],"curies":[{"name":"wp","href":"https:\/\/api.w.org\/{rel}","templated":true}]}}